{"id":1525,"date":"2021-03-05T20:12:24","date_gmt":"2021-03-05T19:12:24","guid":{"rendered":"https:\/\/www.desouches-chirurgien-esthetique.com\/?page_id=1525"},"modified":"2023-09-08T15:25:54","modified_gmt":"2023-09-08T13:25:54","slug":"mesoterapia","status":"publish","type":"page","link":"https:\/\/www.desouches-chirurgien-esthetique.com\/it\/medecine-esthetique\/mesotherapie-cheveux\/","title":{"rendered":"Mesoterapia dei capelli"},"content":{"rendered":"<p>Scopri il rivoluzionario mondo dei trattamenti per capelli con la mesoterapia con cellule staminali e il trattamento con complessi vitaminici, due tecniche innovative per combattere la caduta dei capelli e favorirne la ricrescita.<\/p>\n<h2>Mesoterapia per capelli a base di cellule staminali<\/h2>\n<p>L&#039;iniezione di Cellule Staminali \u00e8 una nuova tecnica di medicina estetica per rigenerare i capelli. Le cellule staminali sono i componenti di un prodotto generato dal trattamento delle biopsie del cuoio capelluto, che aumenter\u00e0 la ricrescita dei capelli.<\/p>\n<p>&gt;&gt;&gt;Maggiori dettagli su <a href=\"https:\/\/www.desouches-chirurgien-esthetique.com\/it\/medicina-estetica\/mesoterapia\/trattamento-per-capelli-a-base-di-cellule-staminali\/\">Mesoterapia dei capelli a base di Cellule Staminali<\/a><\/p>\n<h2>Mesoterapia con complessi vitaminici<\/h2>\n<p>Il trattamento della caduta dei capelli con il complesso vitaminico avviene iniettando nel cuoio capelluto una miscela di soluzioni antiossidanti, rivitalizzanti, idratanti che stimolano la ricrescita dei capelli.<\/p>\n<p>&gt;&gt;&gt;Maggiori dettagli su\u00a0<a href=\"https:\/\/www.desouches-chirurgien-esthetique.com\/it\/medicina-estetica\/mesoterapia\/complesso-vitaminico\/\">mesoterapia con complesso vitaminico<\/a><\/p>\n<p><!--more--><\/p>\n<div class='et-learn-more clearfix'>\n\t\t\t\t\t<h3 class='heading-more'>Scopri le possibilit\u00e0 offerte dalla chirurgia estetica<span class='et_learnmore_arrow'><span><\/span><\/span><\/h3>\n\t\t\t\t\t<div class='learn-more-content'><h2>Trapianto di capelli FUE<\/h2>\n<p>L&#039;intervento di <a href=\"https:\/\/www.desouches-chirurgien-esthetique.com\/it\/chirurgia-estetica\/trapianto-di-capelli-fue\/\">trapianto di capelli mediante FUE<\/a> \u00e8 rivolto ai pazienti che soffrono di significativa perdita di capelli.<\/p><\/div>\n\t\t\t\t<\/div>","protected":false},"excerpt":{"rendered":"<p>D\u00e9couvrez le monde r\u00e9volutionnaire des traitements capillaires avec la m\u00e9soth\u00e9rapie \u00e0 base de cellules souches et le traitement par complexe vitaminique, deux techniques innovantes pour combattre la chute des cheveux et favoriser la repousse. La m\u00e9soth\u00e9rapie capillaire \u00e0 base de Cellules Souches L\u2019injection de Cellules Souches est une nouvelle technique de m\u00e9decine esth\u00e9tique pour r\u00e9g\u00e9n\u00e9rer [&hellip;]<\/p>\n","protected":false},"author":1,"featured_media":0,"parent":16993,"menu_order":3,"comment_status":"closed","ping_status":"closed","template":"","meta":{"_et_pb_use_builder":"","_et_pb_old_content":"","_et_gb_content_width":"","footnotes":""},"dipi_cpt_category":[],"class_list":["post-1525","page","type-page","status-publish","hentry"],"_links":{"self":[{"href":"https:\/\/www.desouches-chirurgien-esthetique.com\/it\/wp-json\/wp\/v2\/pages\/1525","targetHints":{"allow":["GET"]}}],"collection":[{"href":"https:\/\/www.desouches-chirurgien-esthetique.com\/it\/wp-json\/wp\/v2\/pages"}],"about":[{"href":"https:\/\/www.desouches-chirurgien-esthetique.com\/it\/wp-json\/wp\/v2\/types\/page"}],"author":[{"embeddable":true,"href":"https:\/\/www.desouches-chirurgien-esthetique.com\/it\/wp-json\/wp\/v2\/users\/1"}],"replies":[{"embeddable":true,"href":"https:\/\/www.desouches-chirurgien-esthetique.com\/it\/wp-json\/wp\/v2\/comments?post=1525"}],"version-history":[{"count":6,"href":"https:\/\/www.desouches-chirurgien-esthetique.com\/it\/wp-json\/wp\/v2\/pages\/1525\/revisions"}],"predecessor-version":[{"id":23418832,"href":"https:\/\/www.desouches-chirurgien-esthetique.com\/it\/wp-json\/wp\/v2\/pages\/1525\/revisions\/23418832"}],"up":[{"embeddable":true,"href":"https:\/\/www.desouches-chirurgien-esthetique.com\/it\/wp-json\/wp\/v2\/pages\/16993"}],"wp:attachment":[{"href":"https:\/\/www.desouches-chirurgien-esthetique.com\/it\/wp-json\/wp\/v2\/media?parent=1525"}],"wp:term":[{"taxonomy":"dipi_cpt_category","embeddable":true,"href":"https:\/\/www.desouches-chirurgien-esthetique.com\/it\/wp-json\/wp\/v2\/dipi_cpt_category?post=1525"}],"curies":[{"name":"parola chiave","href":"https:\/\/api.w.org\/{rel}","templated":true}]}}