{"id":5942,"date":"2021-03-11T17:16:53","date_gmt":"2021-03-11T16:16:53","guid":{"rendered":"https:\/\/www.desouches-chirurgien-esthetique.com\/project\/jawline-contouring-ou-comment-redessiner-la-machoire-grace-a-lacide-hyaluronique\/"},"modified":"2021-03-11T17:16:53","modified_gmt":"2021-03-11T16:16:53","slug":"contorno-de-la-mandibula-o-como-remodelar-el-hueso-de-la-mandibula-gracias-al-acido-hialuronico","status":"publish","type":"project","link":"https:\/\/www.desouches-chirurgien-esthetique.com\/es\/avant-apres\/jawline-contouring-ou-comment-redessiner-la-machoire-grace-a-lacide-hyaluronique\/","title":{"rendered":"Contorno de mand\u00edbula o c\u00f3mo remodelar la l\u00ednea de la mand\u00edbula con \u00e1cido hialur\u00f3nico"},"content":{"rendered":"<p><img decoding=\"async\" class=\"aligncenter size-full\" src=\"https:\/\/www.desouches-chirurgien-esthetique.com\/wp-content\/uploads\/wpallimport\/files\/avant-apres-jawline.jpg\" alt=\"Contorno de la mand\u00edbula o c\u00f3mo redibujar la mand\u00edbula con \u00e1cido hialur\u00f3nico\" \/><\/p>\n<p style=\"text-align: center;\">Esta t\u00e9cnica, practicada en un consultorio de medicina est\u00e9tica, permite remodelar los contornos del rostro, en particular el \u00e1ngulo recto de la mand\u00edbula. El \u00e1cido hialur\u00f3nico se utiliza para remodelar el contorno del rostro y darle un aspecto m\u00e1s cuadrado.<\/p>","protected":false},"excerpt":{"rendered":"<p>Esta t\u00e9cnica, practicada en un consultorio de medicina est\u00e9tica, permite remodelar los contornos del rostro, en particular el \u00e1ngulo recto de la mand\u00edbula. El \u00e1cido hialur\u00f3nico se utiliza para remodelar el contorno del rostro y darle un aspecto m\u00e1s cuadrado.<\/p>","protected":false},"author":1,"featured_media":5778,"comment_status":"open","ping_status":"open","template":"","meta":{"_et_pb_use_builder":"","_et_pb_old_content":"","_et_gb_content_width":"","footnotes":""},"project_category":[5,12],"project_tag":[],"class_list":["post-5942","project","type-project","status-publish","has-post-thumbnail","hentry","project_category-chirurgie-esthetique-du-visage","project_category-medecine-esthetique-du-visage"],"_links":{"self":[{"href":"https:\/\/www.desouches-chirurgien-esthetique.com\/es\/wp-json\/wp\/v2\/project\/5942","targetHints":{"allow":["GET"]}}],"collection":[{"href":"https:\/\/www.desouches-chirurgien-esthetique.com\/es\/wp-json\/wp\/v2\/project"}],"about":[{"href":"https:\/\/www.desouches-chirurgien-esthetique.com\/es\/wp-json\/wp\/v2\/types\/project"}],"author":[{"embeddable":true,"href":"https:\/\/www.desouches-chirurgien-esthetique.com\/es\/wp-json\/wp\/v2\/users\/1"}],"replies":[{"embeddable":true,"href":"https:\/\/www.desouches-chirurgien-esthetique.com\/es\/wp-json\/wp\/v2\/comments?post=5942"}],"version-history":[{"count":0,"href":"https:\/\/www.desouches-chirurgien-esthetique.com\/es\/wp-json\/wp\/v2\/project\/5942\/revisions"}],"wp:featuredmedia":[{"embeddable":true,"href":"https:\/\/www.desouches-chirurgien-esthetique.com\/es\/wp-json\/wp\/v2\/media\/5778"}],"wp:attachment":[{"href":"https:\/\/www.desouches-chirurgien-esthetique.com\/es\/wp-json\/wp\/v2\/media?parent=5942"}],"wp:term":[{"taxonomy":"project_category","embeddable":true,"href":"https:\/\/www.desouches-chirurgien-esthetique.com\/es\/wp-json\/wp\/v2\/project_category?post=5942"},{"taxonomy":"project_tag","embeddable":true,"href":"https:\/\/www.desouches-chirurgien-esthetique.com\/es\/wp-json\/wp\/v2\/project_tag?post=5942"}],"curies":[{"name":"gracias","href":"https:\/\/api.w.org\/{rel}","templated":true}]}}