{"id":1525,"date":"2021-03-05T20:12:24","date_gmt":"2021-03-05T19:12:24","guid":{"rendered":"https:\/\/www.desouches-chirurgien-esthetique.com\/?page_id=1525"},"modified":"2023-09-08T15:25:54","modified_gmt":"2023-09-08T13:25:54","slug":"mesoterapia","status":"publish","type":"page","link":"https:\/\/www.desouches-chirurgien-esthetique.com\/es\/medecine-esthetique\/mesotherapie-cheveux\/","title":{"rendered":"Mesoterapia capilar"},"content":{"rendered":"<p>Descubre el revolucionario mundo de los tratamientos capilares con mesoterapia con c\u00e9lulas madre y tratamiento con complejos vitam\u00ednicos, dos t\u00e9cnicas innovadoras para combatir la ca\u00edda del cabello y favorecer su crecimiento.<\/p>\n<h2>Mesoterapia capilar a base de c\u00e9lulas madre<\/h2>\n<p>La inyecci\u00f3n de Stem Cells es una nueva t\u00e9cnica de medicina est\u00e9tica para regenerar el cabello. Las C\u00e9lulas Madre son los componentes de un producto generado a partir del tratamiento de biopsias de su cuero cabelludo, lo que impulsar\u00e1 la regeneraci\u00f3n del cabello.<\/p>\n<p>&gt;&gt;&gt;M\u00e1s detalles sobre el <a href=\"https:\/\/www.desouches-chirurgien-esthetique.com\/es\/medicina-estetica\/mesoterapia\/tratamiento-capilar-a-base-de-celulas-madre\/\">Mesoterapia capilar a base de C\u00e9lulas Madre<\/a><\/p>\n<h2>Mesoterapia con complejos vitam\u00ednicos<\/h2>\n<p>El tratamiento de la ca\u00edda del cabello por complejo vitam\u00ednico se realiza mediante la inyecci\u00f3n en el cuero cabelludo de una mezcla de soluciones antioxidantes, revitalizantes e hidratantes que estimulan el crecimiento del cabello.<\/p>\n<p>&gt;&gt;&gt;M\u00e1s detalles sobre el\u00a0<a href=\"https:\/\/www.desouches-chirurgien-esthetique.com\/es\/medicina-estetica\/mesoterapia\/complejo-vitaminico\/\">mesoterapia con complejo vitam\u00ednico<\/a><\/p>\n<p><!--more--><\/p>\n<div class='et-learn-more clearfix'>\n\t\t\t\t\t<h3 class='heading-more'>Ver las posibilidades que ofrece la cirug\u00eda est\u00e9tica<span class='et_learnmore_arrow'><span><\/span><\/span><\/h3>\n\t\t\t\t\t<div class='learn-more-content'><h2>Trasplante de cabello FUE<\/h2>\n<p>la intervenci\u00f3n de <a href=\"https:\/\/www.desouches-chirurgien-esthetique.com\/es\/cirugia-estetica\/trasplante-de-cabello-fue\/\">trasplante de cabello por FUE<\/a> Est\u00e1 dirigido a pacientes que sufren una p\u00e9rdida significativa de cabello.<\/p><\/div>\n\t\t\t\t<\/div>","protected":false},"excerpt":{"rendered":"<p>D\u00e9couvrez le monde r\u00e9volutionnaire des traitements capillaires avec la m\u00e9soth\u00e9rapie \u00e0 base de cellules souches et le traitement par complexe vitaminique, deux techniques innovantes pour combattre la chute des cheveux et favoriser la repousse. La m\u00e9soth\u00e9rapie capillaire \u00e0 base de Cellules Souches L\u2019injection de Cellules Souches est une nouvelle technique de m\u00e9decine esth\u00e9tique pour r\u00e9g\u00e9n\u00e9rer [&hellip;]<\/p>\n","protected":false},"author":1,"featured_media":0,"parent":16993,"menu_order":3,"comment_status":"closed","ping_status":"closed","template":"","meta":{"_et_pb_use_builder":"","_et_pb_old_content":"","_et_gb_content_width":"","footnotes":""},"dipi_cpt_category":[],"class_list":["post-1525","page","type-page","status-publish","hentry"],"_links":{"self":[{"href":"https:\/\/www.desouches-chirurgien-esthetique.com\/es\/wp-json\/wp\/v2\/pages\/1525","targetHints":{"allow":["GET"]}}],"collection":[{"href":"https:\/\/www.desouches-chirurgien-esthetique.com\/es\/wp-json\/wp\/v2\/pages"}],"about":[{"href":"https:\/\/www.desouches-chirurgien-esthetique.com\/es\/wp-json\/wp\/v2\/types\/page"}],"author":[{"embeddable":true,"href":"https:\/\/www.desouches-chirurgien-esthetique.com\/es\/wp-json\/wp\/v2\/users\/1"}],"replies":[{"embeddable":true,"href":"https:\/\/www.desouches-chirurgien-esthetique.com\/es\/wp-json\/wp\/v2\/comments?post=1525"}],"version-history":[{"count":6,"href":"https:\/\/www.desouches-chirurgien-esthetique.com\/es\/wp-json\/wp\/v2\/pages\/1525\/revisions"}],"predecessor-version":[{"id":23418832,"href":"https:\/\/www.desouches-chirurgien-esthetique.com\/es\/wp-json\/wp\/v2\/pages\/1525\/revisions\/23418832"}],"up":[{"embeddable":true,"href":"https:\/\/www.desouches-chirurgien-esthetique.com\/es\/wp-json\/wp\/v2\/pages\/16993"}],"wp:attachment":[{"href":"https:\/\/www.desouches-chirurgien-esthetique.com\/es\/wp-json\/wp\/v2\/media?parent=1525"}],"wp:term":[{"taxonomy":"dipi_cpt_category","embeddable":true,"href":"https:\/\/www.desouches-chirurgien-esthetique.com\/es\/wp-json\/wp\/v2\/dipi_cpt_category?post=1525"}],"curies":[{"name":"gracias","href":"https:\/\/api.w.org\/{rel}","templated":true}]}}