{"id":1171,"date":"2021-03-05T12:34:33","date_gmt":"2021-03-05T11:34:33","guid":{"rendered":"https:\/\/www.desouches-chirurgien-esthetique.com\/?page_id=1171"},"modified":"2026-04-09T10:52:22","modified_gmt":"2026-04-09T08:52:22","slug":"laser-fraccionado-antiarrugas-origen-no-ablativo","status":"publish","type":"page","link":"https:\/\/www.desouches-chirurgien-esthetique.com\/es\/soins-medico-esthetiques\/laser-fractionne-anti-rides-non-ablatif-origin\/","title":{"rendered":"L\u00e1ser fraccionado antiarrugas no ablativo ORIGEN"},"content":{"rendered":"<p>El medio ambiente (contaminaci\u00f3n, accidente, estr\u00e9s, etc.), el envejecimiento as\u00ed como las hormonas y el envejecimiento impactan en la piel a trav\u00e9s de alteraciones que modifican su aspecto, en ocasiones antiest\u00e9tico. EL <strong>L\u00e1ser fraccionado no ablativo<\/strong> es una nueva t\u00e9cnica que permite en pocas sesiones encontrar una epidermis rejuvenecida y librada de las marcas de la edad.<\/p>\n<p><img decoding=\"async\" class=\"size-full wp-image-23418877 alignright\" src=\"https:\/\/www.desouches-chirurgien-esthetique.com\/wp-content\/uploads\/2023\/09\/laser-ablatif.jpg\" alt=\"\" width=\"308\" height=\"512\" srcset=\"https:\/\/www.desouches-chirurgien-esthetique.com\/wp-content\/uploads\/2023\/09\/laser-ablatif.jpg 308w, https:\/\/www.desouches-chirurgien-esthetique.com\/wp-content\/uploads\/2023\/09\/laser-ablatif-180x300.jpg 180w, https:\/\/www.desouches-chirurgien-esthetique.com\/wp-content\/uploads\/2023\/09\/laser-ablatif-7x12.jpg 7w\" sizes=\"(max-width: 308px) 100vw, 308px\" \/><\/p>\n<h2>L\u00e1ser fraccionado no ablativo: para recuperar una piel bella<\/h2>\n<p>Las indicaciones :<\/p>\n<ul>\n<li>Estiramiento y\/o rejuvenecimiento despu\u00e9s de la flacidez de la piel<\/li>\n<li>Arrugas leves a moderadas<\/li>\n<li>lesiones pigmentadas<\/li>\n<li>Cicatrices (superficiales, acn\u00e9, hiperpigmentadas)<\/li>\n<li>Manchas de la edad (embarazo, vejez, sol, melasma)<\/li>\n<li>Impurezas (poros dilatados, piel grasa, microquistes, puntos negros, etc.)<\/li>\n<\/ul>\n<p>El tratamiento con l\u00e1ser fraccionado no ablativo es una nueva<strong> t\u00e9cnica de rejuvenecimiento de la piel por renovaci\u00f3n de la piel<\/strong>, para rostro y cuerpo, para todo tipo de pieles, claras o pigmentadas. Los resultados son visibles en la primera semana, pero el resultado final se ve despu\u00e9s de 6 semanas, y generalmente son necesarias de 2 a 3 sesiones para obtener el mejor beneficio. Es una alternativa al peeling qu\u00edmico con tiempos de recuperaci\u00f3n m\u00e1s cortos. Beneficios y resultados:<\/p>\n<ul>\n<li>Tensa la piel fl\u00e1cida, reduce los signos del envejecimiento y las imperfecciones<\/li>\n<li>Al borrar las irregularidades de los pigmentos, su tez se vuelve m\u00e1s uniforme<\/li>\n<li>Regenera tu piel borrando ciertas cicatrices de acn\u00e9, estr\u00edas, etc.<\/li>\n<li>Purifica la piel grasa, elimina los puntos negros y reduce los poros dilatados<\/li>\n<li>Indoloro y sin impacto en tu vida social<\/li>\n<\/ul>\n<h2>Tecnolog\u00eda de l\u00e1ser fraccionado no ablativo<\/h2>\n<p>El principio de este tipo de l\u00e1ser es dividir el haz l\u00e1ser en multitud de haces que actuar\u00e1n de forma microsc\u00f3pica y profunda en la dermis. El l\u00e1ser, para renovar la epidermis en la superficie, provocar\u00e1 as\u00ed una reacci\u00f3n de <strong>regeneraci\u00f3n celular<\/strong> a fondo. Los microrayos l\u00e1ser son particularmente finos, de 70 \u00b5m y tienen una longitud de onda de 1550 nm para apuntar a los fibroblastos que se encuentran en la dermis. Esto permite un tratamiento eficaz y en profundidad sin consecuencias sociales dif\u00edciles. La seguridad es un punto fundamental: el dispositivo l\u00e1ser ORIGIN de Deleo utilizado por el Dr. Christophe Desuches est\u00e1 \u00edntegramente dise\u00f1ado y fabricado en Francia en colaboraci\u00f3n con el centro franc\u00e9s de tecnolog\u00eda \u00f3ptica y l\u00e1ser. El marcado CE Medical garantiza a los pacientes el cumplimiento de una alta calidad.<\/p>\n<h2>\u00bfC\u00f3mo se realiza una sesi\u00f3n de l\u00e1ser fraccionado no ablativo?<\/h2>\n<p>No es necesaria anestesia, se puede aplicar una crema anest\u00e9sica antes de la sesi\u00f3n para adormecer la piel. Durante la sesi\u00f3n se puede sentir calor y dolor, que se aten\u00faan con un chorro simult\u00e1neo de aire fr\u00edo. Durante el procedimiento, que dura aproximadamente 30 minutos, el Dr. Christophe Desuches trata aproximadamente 30% de la zona afectada en cada sesi\u00f3n. Luego se deja reposar la piel para que se regenere. Las sesiones est\u00e1n espaciadas aproximadamente con 4 semanas de diferencia, este periodo puede ser adaptado por el m\u00e9dico, quien tambi\u00e9n puede agregar tratamientos adicionales durante las sesiones.<\/p>\n<h2>\u00bfCu\u00e1les son las consecuencias de una intervenci\u00f3n?<\/h2>\n<p>Puede aparecer una ligera hinchaz\u00f3n que desaparece dos d\u00edas despu\u00e9s del procedimiento. Podr\u00e1s retomar tus actividades diarias inmediatamente despu\u00e9s del tratamiento as\u00ed como maquillarte o afeitarte sin ning\u00fan problema.<\/p>\n<h2>Contraindicaciones<\/h2>\n<ul>\n<li>queloides<\/li>\n<li>Tratamiento farmacol\u00f3gico fotosensibilizante (antibi\u00f3ticos, roaccutane, cortisona, etc.)<\/li>\n<li>Urticaria<\/li>\n<li>Infecci\u00f3n bacteriol\u00f3gica o viral<\/li>\n<li>El embarazo<\/li>\n<li>Periodo de lactancia materna<\/li>\n<\/ul>\n<h2>Quel est le prix du traitement laser fractionn\u00e9 anti-rides non ablatif ORIGIN ?<\/h2>\n<p><a href=\"https:\/\/www.desouches-chirurgien-esthetique.com\/es\/honoraires\/#tarifs-soins-medico-esthetiques\">D\u00e9couvrez tous nos tarifs de s\u00e9ances avec le laser fractionn\u00e9 anti-rides non ablatif ORIGIN &gt;<\/a><\/p>","protected":false},"excerpt":{"rendered":"<p>L\u2019environnement (pollution, accident, stress\u2026), le vieillissement ainsi que les hormones et le vieillissement impactent la peau par des perturbations qui modifie son apparence, parfois de mani\u00e8re inesth\u00e9tique. Le Laser fractionn\u00e9 non ablatif est une nouvelle technique qui permet en quelques s\u00e9ances de retrouver un \u00e9piderme rajeuni et d\u00e9barrass\u00e9 de ces marques du vieillissement. Laser fractionn\u00e9 [&hellip;]<\/p>\n","protected":false},"author":1,"featured_media":0,"parent":23420617,"menu_order":3,"comment_status":"closed","ping_status":"closed","template":"","meta":{"_et_pb_use_builder":"off","_et_pb_old_content":"","_et_gb_content_width":"","footnotes":""},"dipi_cpt_category":[],"class_list":["post-1171","page","type-page","status-publish","hentry"],"_links":{"self":[{"href":"https:\/\/www.desouches-chirurgien-esthetique.com\/es\/wp-json\/wp\/v2\/pages\/1171","targetHints":{"allow":["GET"]}}],"collection":[{"href":"https:\/\/www.desouches-chirurgien-esthetique.com\/es\/wp-json\/wp\/v2\/pages"}],"about":[{"href":"https:\/\/www.desouches-chirurgien-esthetique.com\/es\/wp-json\/wp\/v2\/types\/page"}],"author":[{"embeddable":true,"href":"https:\/\/www.desouches-chirurgien-esthetique.com\/es\/wp-json\/wp\/v2\/users\/1"}],"replies":[{"embeddable":true,"href":"https:\/\/www.desouches-chirurgien-esthetique.com\/es\/wp-json\/wp\/v2\/comments?post=1171"}],"version-history":[{"count":7,"href":"https:\/\/www.desouches-chirurgien-esthetique.com\/es\/wp-json\/wp\/v2\/pages\/1171\/revisions"}],"predecessor-version":[{"id":23420686,"href":"https:\/\/www.desouches-chirurgien-esthetique.com\/es\/wp-json\/wp\/v2\/pages\/1171\/revisions\/23420686"}],"up":[{"embeddable":true,"href":"https:\/\/www.desouches-chirurgien-esthetique.com\/es\/wp-json\/wp\/v2\/pages\/23420617"}],"wp:attachment":[{"href":"https:\/\/www.desouches-chirurgien-esthetique.com\/es\/wp-json\/wp\/v2\/media?parent=1171"}],"wp:term":[{"taxonomy":"dipi_cpt_category","embeddable":true,"href":"https:\/\/www.desouches-chirurgien-esthetique.com\/es\/wp-json\/wp\/v2\/dipi_cpt_category?post=1171"}],"curies":[{"name":"gracias","href":"https:\/\/api.w.org\/{rel}","templated":true}]}}